{"id":1921,"date":"2018-06-27T03:07:10","date_gmt":"2018-06-27T01:07:10","guid":{"rendered":"https:\/\/new.izn-frankfurt.de\/events\/oeffentliche-vortraege\/"},"modified":"2019-11-16T22:11:56","modified_gmt":"2019-11-16T21:11:56","slug":"public-lectures","status":"publish","type":"page","link":"https:\/\/www.izn-frankfurt.de\/en\/events\/public-lectures\/","title":{"rendered":"Previous Lectures"},"content":{"rendered":"<div class=\"wpb-content-wrapper\">[vc_row css_animation=&#8221;none&#8221;][vc_column]<style>.vcex-blog-grid-wrap.vcex_69f41e1449769 .entry-title{font-weight:500;}<\/style><div class=\"vcex-module vcex-blog-grid-wrap wpex-clr vcex_69f41e1449769\"><div class=\"wpex-row vcex-blog-grid wpex-clr entries gap-20 match-height-grid\"><div class=\"vcex-blog-entry vcex-grid-item entry-has-details span_1_of_3 col-1 col entry post-5963 type-post has-media cat-18 cat-23 translation_priority-35 translation_priority-36\"><div class=\"vcex-blog-entry-inner entry-inner wpex-first-mt-0 wpex-last-mb-0 wpex-clr\"><div class=\"vcex-blog-entry-details entry-details wpex-bordered wpex-first-mt-0 wpex-last-mb-0 wpex-clr vc_custom_1573938714492\"><div class=\"match-height-content\"><h2 class=\"vcex-blog-entry-title entry-title wpex-mb-5\"><a href=\"https:\/\/www.izn-frankfurt.de\/en\/news\/new-treatments-for-alzheimers-disease-from-antibodies-to-artemis\/\">New treatments for Alzheimer\u2019s disease \u2013 from antibodies to Artemis<\/a><\/h2><div class=\"vcex-blog-entry-excerpt entry-excerpt wpex-my-15 wpex-text-pretty wpex-last-mb-0 wpex-clr\"><p><strong>13. April 2026<\/strong><br \/>Prof. Dr. med. Johannes Pantel, Leiter Arbeitsbereich Altersmedizin, Institut f\u00fcr Allgemeinmedizin, Universit\u00e4tsklinikum Frankfurt<\/p><\/div><\/div><\/div><\/div><\/div><div class=\"vcex-blog-entry vcex-grid-item entry-has-details span_1_of_3 col-2 col entry post-5882 type-post has-media cat-23 translation_priority-36\"><div class=\"vcex-blog-entry-inner entry-inner wpex-first-mt-0 wpex-last-mb-0 wpex-clr\"><div class=\"vcex-blog-entry-details entry-details wpex-bordered wpex-first-mt-0 wpex-last-mb-0 wpex-clr vc_custom_1573938714492\"><div class=\"match-height-content\"><h2 class=\"vcex-blog-entry-title entry-title wpex-mb-5\"><a href=\"https:\/\/www.izn-frankfurt.de\/en\/public-lectures\/kids-and-teens-in-mental-crisis-mode-fact-or-fiction\/\">Kids and teens in mental crisis mode\u2014fact or fiction?<\/a><\/h2><div class=\"vcex-blog-entry-excerpt entry-excerpt wpex-my-15 wpex-text-pretty wpex-last-mb-0 wpex-clr\"><p><strong>Public lecture on February 16, 2026<\/strong>\u00a0<br \/>Professorin Dr. Christine Freitag, Klinik f\u00fcr Psychiatrie, Psychosomatik und Psychotherapie des Kindes- und Jugendalters, Universit\u00e4tsklinikum Frankfurt<\/p><\/div><\/div><\/div><\/div><\/div><div class=\"vcex-blog-entry vcex-grid-item entry-has-details span_1_of_3 col-3 col entry post-5646 type-post has-media cat-8 cat-23 translation_priority-35\"><div class=\"vcex-blog-entry-inner entry-inner wpex-first-mt-0 wpex-last-mb-0 wpex-clr\"><div class=\"vcex-blog-entry-details entry-details wpex-bordered wpex-first-mt-0 wpex-last-mb-0 wpex-clr vc_custom_1573938714492\"><div class=\"match-height-content\"><h2 class=\"vcex-blog-entry-title entry-title wpex-mb-5\"><a href=\"https:\/\/www.izn-frankfurt.de\/en\/news\/pleasure-with-side-effects-the-influence-of-nutrition-on-our-brain\/\">Pleasure with side effects\u2014the influence of nutrition on our brain<\/a><\/h2><div class=\"vcex-blog-entry-excerpt entry-excerpt wpex-my-15 wpex-text-pretty wpex-last-mb-0 wpex-clr\"><p><strong>01. December 2025<\/strong>\r\n<br>\r\nPD Dr. Sharmili Edwin Thanarajah\r\nKlinik f\u00fcr Psychiatrie, Psychosomatik und Psychotherapie,\r\nGoethe Universit\u00e4t<\/p><\/div><\/div><\/div><\/div><\/div><div class=\"vcex-blog-entry vcex-grid-item entry-has-details span_1_of_3 col-1 col entry post-5473 type-post has-media cat-8 cat-23 translation_priority-36\"><div class=\"vcex-blog-entry-inner entry-inner wpex-first-mt-0 wpex-last-mb-0 wpex-clr\"><div class=\"vcex-blog-entry-details entry-details wpex-bordered wpex-first-mt-0 wpex-last-mb-0 wpex-clr vc_custom_1573938714492\"><div class=\"match-height-content\"><h2 class=\"vcex-blog-entry-title entry-title wpex-mb-5\"><a href=\"https:\/\/www.izn-frankfurt.de\/en\/news\/creativity-in-man-and-machine\/\">Creativity in man and machine<\/a><\/h2><div class=\"vcex-blog-entry-excerpt entry-excerpt wpex-my-15 wpex-text-pretty wpex-last-mb-0 wpex-clr\"><p><strong>30. June 2025<br \/><\/strong><\/p>\r\n<p>Prof. Dr. Matthias Kaschube, Frankfurt Institute for Advanced Studies (FIAS)<\/p><\/div><\/div><\/div><\/div><\/div><div class=\"vcex-blog-entry vcex-grid-item entry-has-details span_1_of_3 col-2 col entry post-5372 type-post has-media cat-23 translation_priority-36\"><div class=\"vcex-blog-entry-inner entry-inner wpex-first-mt-0 wpex-last-mb-0 wpex-clr\"><div class=\"vcex-blog-entry-details entry-details wpex-bordered wpex-first-mt-0 wpex-last-mb-0 wpex-clr vc_custom_1573938714492\"><div class=\"match-height-content\"><h2 class=\"vcex-blog-entry-title entry-title wpex-mb-5\"><a href=\"https:\/\/www.izn-frankfurt.de\/en\/public-lectures\/sleep-and-dreams\/\">Sleep and dreams<\/a><\/h2><div class=\"vcex-blog-entry-excerpt entry-excerpt wpex-my-15 wpex-text-pretty wpex-last-mb-0 wpex-clr\"><p><strong>27. January 2025<br \/><\/strong><\/p>\r\n<p>Apl. Prof. Dr. Erik Maronde, Dr. Senckenbergische Anatomie, Goethe Universit\u00e4t Frankfurt<\/p><\/div><\/div><\/div><\/div><\/div><div class=\"vcex-blog-entry vcex-grid-item entry-has-details span_1_of_3 col-3 col entry post-5278 type-post has-media cat-23 translation_priority-36\"><div class=\"vcex-blog-entry-inner entry-inner wpex-first-mt-0 wpex-last-mb-0 wpex-clr\"><div class=\"vcex-blog-entry-details entry-details wpex-bordered wpex-first-mt-0 wpex-last-mb-0 wpex-clr vc_custom_1573938714492\"><div class=\"match-height-content\"><h2 class=\"vcex-blog-entry-title entry-title wpex-mb-5\"><a href=\"https:\/\/www.izn-frankfurt.de\/en\/public-lectures\/symphony-in-the-head\/\">Symphony in the head<\/a><\/h2><div class=\"vcex-blog-entry-excerpt entry-excerpt wpex-my-15 wpex-text-pretty wpex-last-mb-0 wpex-clr\"><p><strong>18. November 2024<br \/><\/strong><\/p>\r\n<p>PD Dr. Daniela Sammler, Max-Planck-Institut Empirische \u00c4sthetik, Frankfurt<\/p><\/div><\/div><\/div><\/div><\/div><div class=\"vcex-blog-entry vcex-grid-item entry-has-details span_1_of_3 col-1 col entry post-5249 type-post no-media cat-23\"><div class=\"vcex-blog-entry-inner entry-inner wpex-first-mt-0 wpex-last-mb-0 wpex-clr\"><div class=\"vcex-blog-entry-details entry-details wpex-bordered wpex-first-mt-0 wpex-last-mb-0 wpex-clr vc_custom_1573938714492\"><div class=\"match-height-content\"><h2 class=\"vcex-blog-entry-title entry-title wpex-mb-5\"><a href=\"https:\/\/www.izn-frankfurt.de\/en\/public-lectures\/chatgpt-and-psychiatry-2\/\">ChatGPT and Psychiatry: Opportunities and challenges of a new technology<\/a><\/h2><div class=\"vcex-blog-entry-excerpt entry-excerpt wpex-my-15 wpex-text-pretty wpex-last-mb-0 wpex-clr\"><p><strong>24. June 2024<br \/><\/strong><\/p>\r\n<p>PD Dr. Oliver Grimm, Klinik f\u00fcr Psychiatrie, Psychosomatik und Psychotherapie, Universit\u00e4tsklinikum Frankfurt<\/p><\/div><\/div><\/div><\/div><\/div><div class=\"vcex-blog-entry vcex-grid-item entry-has-details span_1_of_3 col-2 col entry post-4812 type-post no-media cat-23 translation_priority-36\"><div class=\"vcex-blog-entry-inner entry-inner wpex-first-mt-0 wpex-last-mb-0 wpex-clr\"><div class=\"vcex-blog-entry-details entry-details wpex-bordered wpex-first-mt-0 wpex-last-mb-0 wpex-clr vc_custom_1573938714492\"><div class=\"match-height-content\"><h2 class=\"vcex-blog-entry-title entry-title wpex-mb-5\"><a href=\"https:\/\/www.izn-frankfurt.de\/en\/public-lectures\/mental-disorders-diseases-of-the-brain-network\/\">Are mental disorders diseases of the brain network?<\/a><\/h2><div class=\"vcex-blog-entry-excerpt entry-excerpt wpex-my-15 wpex-text-pretty wpex-last-mb-0 wpex-clr\"><p><strong>26. June 2023<br \/><\/strong><\/p>\r\n<p>Prof. Dr. Jonathan Repple, Klinik f\u00fcr Psychiatrie, Psychosomatik und Psychotherapie, Universit\u00e4tsklinikum Frankfurt<\/p><\/div><\/div><\/div><\/div><\/div><div class=\"vcex-blog-entry vcex-grid-item entry-has-details span_1_of_3 col-3 col entry post-4318 type-post no-media cat-23\"><div class=\"vcex-blog-entry-inner entry-inner wpex-first-mt-0 wpex-last-mb-0 wpex-clr\"><div class=\"vcex-blog-entry-details entry-details wpex-bordered wpex-first-mt-0 wpex-last-mb-0 wpex-clr vc_custom_1573938714492\"><div class=\"match-height-content\"><h2 class=\"vcex-blog-entry-title entry-title wpex-mb-5\"><a href=\"https:\/\/www.izn-frankfurt.de\/en\/public-lectures\/the-neuropeptid-oxytocin-a-miraculous-drug\/\">The Neuropeptid Oxytocin &#8211; a miraculous drug?<\/a><\/h2><div class=\"vcex-blog-entry-excerpt entry-excerpt wpex-my-15 wpex-text-pretty wpex-last-mb-0 wpex-clr\"><p><strong>25. November 2019<br \/><\/strong><\/p>\r\n<p>Prof. Dr.David Slattery, Klinik f\u00fcr Psychiatrie, Psychosomatik und Psychotherapie, Universit\u00e4tsklinikum Frankfurt<\/p><\/div><\/div><\/div><\/div><\/div><div class=\"vcex-blog-entry vcex-grid-item entry-has-details span_1_of_3 col-1 col entry post-4750 type-post no-media cat-23\"><div class=\"vcex-blog-entry-inner entry-inner wpex-first-mt-0 wpex-last-mb-0 wpex-clr\"><div class=\"vcex-blog-entry-details entry-details wpex-bordered wpex-first-mt-0 wpex-last-mb-0 wpex-clr vc_custom_1573938714492\"><div class=\"match-height-content\"><h2 class=\"vcex-blog-entry-title entry-title wpex-mb-5\"><a href=\"https:\/\/www.izn-frankfurt.de\/en\/public-lectures\/clockwork-blue-the-clock-in-our-head\/\">Clockwork Blue &#8211; The clock in our head<\/a><\/h2><div class=\"vcex-blog-entry-excerpt entry-excerpt wpex-my-15 wpex-text-pretty wpex-last-mb-0 wpex-clr\"><p><strong>27. Mai 2019<br \/><\/strong><\/p>\r\n<p>Prof. Dr. J\u00f6rg Stehle, Dr. Senckenbergische Anatomie, Universit\u00e4tsklinikum Frankfurt<\/p><\/div><\/div><\/div><\/div><\/div><div class=\"vcex-blog-entry vcex-grid-item entry-has-details span_1_of_3 col-2 col entry post-4148 type-post no-media cat-23\"><div class=\"vcex-blog-entry-inner entry-inner wpex-first-mt-0 wpex-last-mb-0 wpex-clr\"><div class=\"vcex-blog-entry-details entry-details wpex-bordered wpex-first-mt-0 wpex-last-mb-0 wpex-clr vc_custom_1573938714492\"><div class=\"match-height-content\"><h2 class=\"vcex-blog-entry-title entry-title wpex-mb-5\"><a href=\"https:\/\/www.izn-frankfurt.de\/en\/public-lectures\/optogenetics-hope-expectation-and-disillusionment\/\">Optogenetics &#8211; Hope, Expectation and Disillusionment<\/a><\/h2><div class=\"vcex-blog-entry-excerpt entry-excerpt wpex-my-15 wpex-text-pretty wpex-last-mb-0 wpex-clr\"><p><strong>8. April 2019<\/strong><\/p>\r\n<p>Prof. Dr. Peter Hegemann, Institut f\u00fcr Biologie, Experimentelle Biophysik, Humboldt-Universit\u00e4t zu Berlin<\/p><\/div><\/div><\/div><\/div><\/div><div class=\"vcex-blog-entry vcex-grid-item entry-has-details span_1_of_3 col-3 col entry post-4041 type-post no-media cat-23\"><div class=\"vcex-blog-entry-inner entry-inner wpex-first-mt-0 wpex-last-mb-0 wpex-clr\"><div class=\"vcex-blog-entry-details entry-details wpex-bordered wpex-first-mt-0 wpex-last-mb-0 wpex-clr vc_custom_1573938714492\"><div class=\"match-height-content\"><h2 class=\"vcex-blog-entry-title entry-title wpex-mb-5\"><a href=\"https:\/\/www.izn-frankfurt.de\/en\/public-lectures\/can-bees-think\/\">Can bees think? &#8211; The amazing performances of a mini brain<\/a><\/h2><div class=\"vcex-blog-entry-excerpt entry-excerpt wpex-my-15 wpex-text-pretty wpex-last-mb-0 wpex-clr\"><p><strong>21. Januar 2019<\/strong><\/p>\r\n<p>Prof. Dr. Bernd Gr\u00fcnewald, Institut f\u00fcr Bienenkunde, Goethe-Universit\u00e4t Frankfurt<\/p><\/div><\/div><\/div><\/div><\/div><div class=\"vcex-blog-entry vcex-grid-item entry-has-details span_1_of_3 col-1 col entry post-3675 type-post no-media cat-23\"><div class=\"vcex-blog-entry-inner entry-inner wpex-first-mt-0 wpex-last-mb-0 wpex-clr\"><div class=\"vcex-blog-entry-details entry-details wpex-bordered wpex-first-mt-0 wpex-last-mb-0 wpex-clr vc_custom_1573938714492\"><div class=\"match-height-content\"><h2 class=\"vcex-blog-entry-title entry-title wpex-mb-5\"><a href=\"https:\/\/www.izn-frankfurt.de\/en\/public-lectures\/drugs-in-mass-sports\/\">Drugs in mass sports<\/a><\/h2><div class=\"vcex-blog-entry-excerpt entry-excerpt wpex-my-15 wpex-text-pretty wpex-last-mb-0 wpex-clr\"><p><strong>26. November 2018<\/strong><\/p>\r\n<p>Prof. Dr. Ellen Niederberger, Institut f\u00fcr klinische Pharmakologie, Universit\u00e4tsklinikum Frankfurt<\/p><\/div><\/div><\/div><\/div><\/div><div class=\"vcex-blog-entry vcex-grid-item entry-has-details span_1_of_3 col-2 col entry post-2326 type-post no-media cat-23\"><div class=\"vcex-blog-entry-inner entry-inner wpex-first-mt-0 wpex-last-mb-0 wpex-clr\"><div class=\"vcex-blog-entry-details entry-details wpex-bordered wpex-first-mt-0 wpex-last-mb-0 wpex-clr vc_custom_1573938714492\"><div class=\"match-height-content\"><h2 class=\"vcex-blog-entry-title entry-title wpex-mb-5\"><a href=\"https:\/\/www.izn-frankfurt.de\/en\/public-lectures\/light-into-the-darkness\/\">Light into the darkness<\/a><\/h2><div class=\"vcex-blog-entry-excerpt entry-excerpt wpex-my-15 wpex-text-pretty wpex-last-mb-0 wpex-clr\"><p><strong>18. Juni 2018<\/strong><\/p>\r\n<p>Prof. Dr. med Peter Biberthaler, Klinik und Poliklinik f\u00fcr Unfallchirurgie, M\u00fcnchen<\/p><\/div><\/div><\/div><\/div><\/div><div class=\"vcex-blog-entry vcex-grid-item entry-has-details span_1_of_3 col-3 col entry post-2321 type-post no-media cat-23\"><div class=\"vcex-blog-entry-inner entry-inner wpex-first-mt-0 wpex-last-mb-0 wpex-clr\"><div class=\"vcex-blog-entry-details entry-details wpex-bordered wpex-first-mt-0 wpex-last-mb-0 wpex-clr vc_custom_1573938714492\"><div class=\"match-height-content\"><h2 class=\"vcex-blog-entry-title entry-title wpex-mb-5\"><a href=\"https:\/\/www.izn-frankfurt.de\/en\/public-lectures\/morbus-parkinson-a-mysterious-disease\/\">Morbus Parkinson &#8211; a mysterious disease<\/a><\/h2><div class=\"vcex-blog-entry-excerpt entry-excerpt wpex-my-15 wpex-text-pretty wpex-last-mb-0 wpex-clr\"><p><strong>7. Mai 2018<\/strong><\/p>\r\n<p>Prof. Dr. Estifanos Ghebremedhin, Institut f\u00fcr klinische Neuroanatomie<\/p><\/div><\/div><\/div><\/div><\/div><div class=\"vcex-blog-entry vcex-grid-item entry-has-details span_1_of_3 col-1 col entry post-2315 type-post no-media cat-23\"><div class=\"vcex-blog-entry-inner entry-inner wpex-first-mt-0 wpex-last-mb-0 wpex-clr\"><div class=\"vcex-blog-entry-details entry-details wpex-bordered wpex-first-mt-0 wpex-last-mb-0 wpex-clr vc_custom_1573938714492\"><div class=\"match-height-content\"><h2 class=\"vcex-blog-entry-title entry-title wpex-mb-5\"><a href=\"https:\/\/www.izn-frankfurt.de\/en\/public-lectures\/epilepsy-epidemiology-consequences-and-new-therapeutic-approaches\/\">Epilepsy &#8211; Epidemiology, Consequences and New Therapeutic Approaches<\/a><\/h2><div class=\"vcex-blog-entry-excerpt entry-excerpt wpex-my-15 wpex-text-pretty wpex-last-mb-0 wpex-clr\"><p><strong>29. Januar 2018<\/strong><\/p>\r\n<p>Prof. Dr. Felix Rosenow, Epilepsiezentrum Frankfurt Rhein-Main, Klinik f\u00fcr Neurologie<\/p><\/div><\/div><\/div><\/div><\/div><div class=\"vcex-blog-entry vcex-grid-item entry-has-details span_1_of_3 col-2 col entry post-2309 type-post no-media cat-23\"><div class=\"vcex-blog-entry-inner entry-inner wpex-first-mt-0 wpex-last-mb-0 wpex-clr\"><div class=\"vcex-blog-entry-details entry-details wpex-bordered wpex-first-mt-0 wpex-last-mb-0 wpex-clr vc_custom_1573938714492\"><div class=\"match-height-content\"><h2 class=\"vcex-blog-entry-title entry-title wpex-mb-5\"><a href=\"https:\/\/www.izn-frankfurt.de\/en\/public-lectures\/glioma-surgery-between-art-and-connectivity\/\">Glioma surgery between art and connectivity<\/a><\/h2><div class=\"vcex-blog-entry-excerpt entry-excerpt wpex-my-15 wpex-text-pretty wpex-last-mb-0 wpex-clr\"><p><strong>17. November 2017<\/strong><\/p>\r\n<p>PD Dr. med. habil. Marie-Theres Forster, Klinik und Poliklinik f\u00fcr Neurochirurgie, Universit\u00e4tsklinikum Frankfurt<\/p><\/div><\/div><\/div><\/div><\/div><div class=\"vcex-blog-entry vcex-grid-item entry-has-details span_1_of_3 col-3 col entry post-2861 type-post no-media cat-23\"><div class=\"vcex-blog-entry-inner entry-inner wpex-first-mt-0 wpex-last-mb-0 wpex-clr\"><div class=\"vcex-blog-entry-details entry-details wpex-bordered wpex-first-mt-0 wpex-last-mb-0 wpex-clr vc_custom_1573938714492\"><div class=\"match-height-content\"><h2 class=\"vcex-blog-entry-title entry-title wpex-mb-5\"><a href=\"https:\/\/www.izn-frankfurt.de\/en\/public-lectures\/better-learning-with-new-nerve-cells\/\">Better learning with new nerve cells?<\/a><\/h2><div class=\"vcex-blog-entry-excerpt entry-excerpt wpex-my-15 wpex-text-pretty wpex-last-mb-0 wpex-clr\"><p><strong>Mai 15, 2017<\/strong><\/p>\r\n<p>PD Dr. Stephan Schwarzacher, Institut f\u00fcr Klinische Neuroanatomie<\/p><\/div><\/div><\/div><\/div><\/div><div class=\"vcex-blog-entry vcex-grid-item entry-has-details span_1_of_3 col-1 col entry post-2864 type-post no-media cat-23\"><div class=\"vcex-blog-entry-inner entry-inner wpex-first-mt-0 wpex-last-mb-0 wpex-clr\"><div class=\"vcex-blog-entry-details entry-details wpex-bordered wpex-first-mt-0 wpex-last-mb-0 wpex-clr vc_custom_1573938714492\"><div class=\"match-height-content\"><h2 class=\"vcex-blog-entry-title entry-title wpex-mb-5\"><a href=\"https:\/\/www.izn-frankfurt.de\/en\/public-lectures\/karten-des-denkens-die-vermessung-neuronaler-netzwerke\/\">Maps of Thinking: The Neural Network Survey<\/a><\/h2><div class=\"vcex-blog-entry-excerpt entry-excerpt wpex-my-15 wpex-text-pretty wpex-last-mb-0 wpex-clr\"><p><strong>30. Januar 2017<\/strong><\/p>\r\n<p>Dr. Moritz Helmstaedter, Direktor Max-Planck-Institut f\u00fcr Hirnforschung<\/p><\/div><\/div><\/div><\/div><\/div><div class=\"vcex-blog-entry vcex-grid-item entry-has-details span_1_of_3 col-2 col entry post-2866 type-post no-media cat-23\"><div class=\"vcex-blog-entry-inner entry-inner wpex-first-mt-0 wpex-last-mb-0 wpex-clr\"><div class=\"vcex-blog-entry-details entry-details wpex-bordered wpex-first-mt-0 wpex-last-mb-0 wpex-clr vc_custom_1573938714492\"><div class=\"match-height-content\"><h2 class=\"vcex-blog-entry-title entry-title wpex-mb-5\"><a href=\"https:\/\/www.izn-frankfurt.de\/en\/public-lectures\/warum-wir-mit-links-sprechen-und-was-uns-die-rechte-hirnhaelfte-verschweigt\/\">Why we speak with the left &#8211; and what the right hemisphere conceals to us<\/a><\/h2><div class=\"vcex-blog-entry-excerpt entry-excerpt wpex-my-15 wpex-text-pretty wpex-last-mb-0 wpex-clr\"><p><strong>Mai 9, 2016<\/strong><\/p>\r\n<p>PD Dr. med. Christian Kell,\u00a0Leiter der Arbeitsgruppe Kognitive Neurowissenschaft, Klinik f\u00fcr Neurologie<\/p><\/div><\/div><\/div><\/div><\/div><div class=\"vcex-blog-entry vcex-grid-item entry-has-details span_1_of_3 col-3 col entry post-2870 type-post no-media cat-23\"><div class=\"vcex-blog-entry-inner entry-inner wpex-first-mt-0 wpex-last-mb-0 wpex-clr\"><div class=\"vcex-blog-entry-details entry-details wpex-bordered wpex-first-mt-0 wpex-last-mb-0 wpex-clr vc_custom_1573938714492\"><div class=\"match-height-content\"><h2 class=\"vcex-blog-entry-title entry-title wpex-mb-5\"><a href=\"https:\/\/www.izn-frankfurt.de\/en\/public-lectures\/was-die-wahrnehmung-der-welt-im-innersten-zusammenhaelt\/\">What holds the perception of the world together at its core<\/a><\/h2><div class=\"vcex-blog-entry-excerpt entry-excerpt wpex-my-15 wpex-text-pretty wpex-last-mb-0 wpex-clr\"><p><strong>Januar 25, 2016<\/strong><\/p>\r\n<p>Prof. Dr. Melissa Vo,\u00a0Scene Grammar Lab, Department of Cognitive Psychology<\/p><\/div><\/div><\/div><\/div><\/div><div class=\"vcex-blog-entry vcex-grid-item entry-has-details span_1_of_3 col-1 col entry post-1996 type-post no-media cat-23\"><div class=\"vcex-blog-entry-inner entry-inner wpex-first-mt-0 wpex-last-mb-0 wpex-clr\"><div class=\"vcex-blog-entry-details entry-details wpex-bordered wpex-first-mt-0 wpex-last-mb-0 wpex-clr vc_custom_1573938714492\"><div class=\"match-height-content\"><h2 class=\"vcex-blog-entry-title entry-title wpex-mb-5\"><a href=\"https:\/\/www.izn-frankfurt.de\/en\/public-lectures\/psychiatrie-als-klinische-neurowissenschaft-kann-uns-das-weiterbringen\/\">Psychiatry as clinical neuroscience &#8211; can it help us?<\/a><\/h2><div class=\"vcex-blog-entry-excerpt entry-excerpt wpex-my-15 wpex-text-pretty wpex-last-mb-0 wpex-clr\"><p><strong>November 9,\u00a0 2015<\/strong><\/p>\r\n<p>Prof. Dr. Andreas Reif,\u00a0 Director of the Clinic for Psychiatry, Psychosomatics and Psychotherapy<\/p><\/div><\/div><\/div><\/div><\/div><div class=\"vcex-blog-entry vcex-grid-item entry-has-details span_1_of_3 col-2 col entry post-1994 type-post no-media cat-23\"><div class=\"vcex-blog-entry-inner entry-inner wpex-first-mt-0 wpex-last-mb-0 wpex-clr\"><div class=\"vcex-blog-entry-details entry-details wpex-bordered wpex-first-mt-0 wpex-last-mb-0 wpex-clr vc_custom_1573938714492\"><div class=\"match-height-content\"><h2 class=\"vcex-blog-entry-title entry-title wpex-mb-5\"><a href=\"https:\/\/www.izn-frankfurt.de\/en\/public-lectures\/the-role-of-expectation-and-experience-in-pain-perception\/\">The role of expectation and experience in pain perception<\/a><\/h2><div class=\"vcex-blog-entry-excerpt entry-excerpt wpex-my-15 wpex-text-pretty wpex-last-mb-0 wpex-clr\"><p><strong>October 8, 2015<\/strong><\/p>\r\n<p>Prof. Dr. Christian B\u00fcchel, Institut f\u00fcr Systemische Neurowissenschaften Hamburg<\/p><\/div><\/div><\/div><\/div><\/div><div class=\"vcex-blog-entry vcex-grid-item entry-has-details span_1_of_3 col-3 col entry post-1991 type-post no-media cat-23\"><div class=\"vcex-blog-entry-inner entry-inner wpex-first-mt-0 wpex-last-mb-0 wpex-clr\"><div class=\"vcex-blog-entry-details entry-details wpex-bordered wpex-first-mt-0 wpex-last-mb-0 wpex-clr vc_custom_1573938714492\"><div class=\"match-height-content\"><h2 class=\"vcex-blog-entry-title entry-title wpex-mb-5\"><a href=\"https:\/\/www.izn-frankfurt.de\/en\/public-lectures\/brain-research-and-psychotherapy\/\">Brain Research and Psychotherapy<\/a><\/h2><div class=\"vcex-blog-entry-excerpt entry-excerpt wpex-my-15 wpex-text-pretty wpex-last-mb-0 wpex-clr\"><p><strong>April 13, 2015<\/strong><\/p>\r\n<p>Prof. Dr. Herta Flor, Zentralinstitut f\u00fcr Seelische Gesundheit Mannheim<\/p><\/div><\/div><\/div><\/div><\/div><div class=\"vcex-blog-entry vcex-grid-item entry-has-details span_1_of_3 col-1 col entry post-1989 type-post no-media cat-23\"><div class=\"vcex-blog-entry-inner entry-inner wpex-first-mt-0 wpex-last-mb-0 wpex-clr\"><div class=\"vcex-blog-entry-details entry-details wpex-bordered wpex-first-mt-0 wpex-last-mb-0 wpex-clr vc_custom_1573938714492\"><div class=\"match-height-content\"><h2 class=\"vcex-blog-entry-title entry-title wpex-mb-5\"><a href=\"https:\/\/www.izn-frankfurt.de\/en\/public-lectures\/are-we-neuronal-machines-computer-models-of-the-brain\/\">Are we neuronal machines? &#8211; Computer models of the brain<\/a><\/h2><div class=\"vcex-blog-entry-excerpt entry-excerpt wpex-my-15 wpex-text-pretty wpex-last-mb-0 wpex-clr\"><p><strong>January 19,\u00a0 2015<\/strong><\/p>\r\n<p>Dr. med. habil Peter Jedlicka, Institute of Clinical Neuroanatomy<\/p><\/div><\/div><\/div><\/div><\/div><div class=\"vcex-blog-entry vcex-grid-item entry-has-details span_1_of_3 col-2 col entry post-1987 type-post no-media cat-23\"><div class=\"vcex-blog-entry-inner entry-inner wpex-first-mt-0 wpex-last-mb-0 wpex-clr\"><div class=\"vcex-blog-entry-details entry-details wpex-bordered wpex-first-mt-0 wpex-last-mb-0 wpex-clr vc_custom_1573938714492\"><div class=\"match-height-content\"><h2 class=\"vcex-blog-entry-title entry-title wpex-mb-5\"><a href=\"https:\/\/www.izn-frankfurt.de\/en\/public-lectures\/neuroeconomy-how-does-the-marketplace-function-in-the-brain\/\">Neuroeconomy \u2013 how does the marketplace function in the brain?<\/a><\/h2><div class=\"vcex-blog-entry-excerpt entry-excerpt wpex-my-15 wpex-text-pretty wpex-last-mb-0 wpex-clr\"><p><strong>October 27, 2014<\/strong><\/p>\r\n<p>Prof. Dr. Jochen Roeper, Director of the Institute of Neurophysiology<\/p><\/div><\/div><\/div><\/div><\/div><div class=\"vcex-blog-entry vcex-grid-item entry-has-details span_1_of_3 col-3 col entry post-1985 type-post no-media cat-23\"><div class=\"vcex-blog-entry-inner entry-inner wpex-first-mt-0 wpex-last-mb-0 wpex-clr\"><div class=\"vcex-blog-entry-details entry-details wpex-bordered wpex-first-mt-0 wpex-last-mb-0 wpex-clr vc_custom_1573938714492\"><div class=\"match-height-content\"><h2 class=\"vcex-blog-entry-title entry-title wpex-mb-5\"><a href=\"https:\/\/www.izn-frankfurt.de\/en\/public-lectures\/brain-degeneration-in-the-light-of-genomic-research\/\">Brain degeneration in the light of genomic research<\/a><\/h2><div class=\"vcex-blog-entry-excerpt entry-excerpt wpex-my-15 wpex-text-pretty wpex-last-mb-0 wpex-clr\"><p><strong>July 7, 2014<\/strong><\/p>\r\n<p>Prof. Dr. Georg Auburger, Experimental Neurology<\/p><\/div><\/div><\/div><\/div><\/div><div class=\"vcex-blog-entry vcex-grid-item entry-has-details span_1_of_3 col-1 col entry post-1983 type-post no-media cat-23\"><div class=\"vcex-blog-entry-inner entry-inner wpex-first-mt-0 wpex-last-mb-0 wpex-clr\"><div class=\"vcex-blog-entry-details entry-details wpex-bordered wpex-first-mt-0 wpex-last-mb-0 wpex-clr vc_custom_1573938714492\"><div class=\"match-height-content\"><h2 class=\"vcex-blog-entry-title entry-title wpex-mb-5\"><a href=\"https:\/\/www.izn-frankfurt.de\/en\/public-lectures\/overcoming-hearing-loss-and-deafness-with-hearing-implants\/\">Overcoming hearing loss and deafness with hearing implants<\/a><\/h2><div class=\"vcex-blog-entry-excerpt entry-excerpt wpex-my-15 wpex-text-pretty wpex-last-mb-0 wpex-clr\"><p><strong>February 17, 2014<\/strong><\/p>\r\n<p>Prof. Dr. Uwe Baumann, Head of the department Audiological Acoustics<\/p><\/div><\/div><\/div><\/div><\/div><div class=\"vcex-blog-entry vcex-grid-item entry-has-details span_1_of_3 col-2 col entry post-1981 type-post no-media cat-23\"><div class=\"vcex-blog-entry-inner entry-inner wpex-first-mt-0 wpex-last-mb-0 wpex-clr\"><div class=\"vcex-blog-entry-details entry-details wpex-bordered wpex-first-mt-0 wpex-last-mb-0 wpex-clr vc_custom_1573938714492\"><div class=\"match-height-content\"><h2 class=\"vcex-blog-entry-title entry-title wpex-mb-5\"><a href=\"https:\/\/www.izn-frankfurt.de\/en\/public-lectures\/the-glioblastoma-clinic-pathology-and-genetics\/\">The glioblastoma: Clinic, pathology and genetics<\/a><\/h2><div class=\"vcex-blog-entry-excerpt entry-excerpt wpex-my-15 wpex-text-pretty wpex-last-mb-0 wpex-clr\"><p><strong>November 11, 2013<\/strong><\/p>\r\n<p>Professor Dr. med. Paul Kleihues, Former Director of the Institute for Neuropathology, University Medical Center, Zuerich, Switzerland<\/p><\/div><\/div><\/div><\/div><\/div><div class=\"vcex-blog-entry vcex-grid-item entry-has-details span_1_of_3 col-3 col entry post-1979 type-post no-media cat-23\"><div class=\"vcex-blog-entry-inner entry-inner wpex-first-mt-0 wpex-last-mb-0 wpex-clr\"><div class=\"vcex-blog-entry-details entry-details wpex-bordered wpex-first-mt-0 wpex-last-mb-0 wpex-clr vc_custom_1573938714492\"><div class=\"match-height-content\"><h2 class=\"vcex-blog-entry-title entry-title wpex-mb-5\"><a href=\"https:\/\/www.izn-frankfurt.de\/en\/public-lectures\/infants-take-control-new-knowledge-about-cognitive-development-in-babies\/\">Infants take control \u2013 new knowledge about cognitive development in babies<\/a><\/h2><div class=\"vcex-blog-entry-excerpt entry-excerpt wpex-my-15 wpex-text-pretty wpex-last-mb-0 wpex-clr\"><p><strong>July 8, 2013<\/strong><\/p>\r\n<p>Prof. Dr. Monika Knopf, Department of Psychology and Prof. Dr. Jochen Triesch, Frankfurt Institute for Advanced Studies (FIAS)<\/p><\/div><\/div><\/div><\/div><\/div><div class=\"vcex-blog-entry vcex-grid-item entry-has-details span_1_of_3 col-1 col entry post-1977 type-post no-media cat-23\"><div class=\"vcex-blog-entry-inner entry-inner wpex-first-mt-0 wpex-last-mb-0 wpex-clr\"><div class=\"vcex-blog-entry-details entry-details wpex-bordered wpex-first-mt-0 wpex-last-mb-0 wpex-clr vc_custom_1573938714492\"><div class=\"match-height-content\"><h2 class=\"vcex-blog-entry-title entry-title wpex-mb-5\"><a href=\"https:\/\/www.izn-frankfurt.de\/en\/public-lectures\/the-remote-controlled-worm-opto-genetic-methods-revolutionize-neuroscience\/\">The remote controlled worm \u2013 opto-genetic methods revolutionize neuroscience<\/a><\/h2><div class=\"vcex-blog-entry-excerpt entry-excerpt wpex-my-15 wpex-text-pretty wpex-last-mb-0 wpex-clr\"><p><strong>May 6, 2013<\/strong><\/p>\r\n<p>Prof. Dr. Alexander Gottschalk, Institute for Biochemistry and Buchmann Institute of Molecular Biosciences<\/p><\/div><\/div><\/div><\/div><\/div><div class=\"vcex-blog-entry vcex-grid-item entry-has-details span_1_of_3 col-2 col entry post-1975 type-post no-media cat-23\"><div class=\"vcex-blog-entry-inner entry-inner wpex-first-mt-0 wpex-last-mb-0 wpex-clr\"><div class=\"vcex-blog-entry-details entry-details wpex-bordered wpex-first-mt-0 wpex-last-mb-0 wpex-clr vc_custom_1573938714492\"><div class=\"match-height-content\"><h2 class=\"vcex-blog-entry-title entry-title wpex-mb-5\"><a href=\"https:\/\/www.izn-frankfurt.de\/en\/public-lectures\/language-and-the-brain-neurocognitive-mechanisms-of-language-processing\/\">Language and the Brain &#8211; Neurocognitive Mechanisms of Language Processing<\/a><\/h2><div class=\"vcex-blog-entry-excerpt entry-excerpt wpex-my-15 wpex-text-pretty wpex-last-mb-0 wpex-clr\"><p><strong>November 19, 2012<\/strong><\/p>\r\n<p>Prof. Dr. Christian Fiebach, Department of Psychology, Cognitive Neuroscience Lab<\/p><\/div><\/div><\/div><\/div><\/div><div class=\"vcex-blog-entry vcex-grid-item entry-has-details span_1_of_3 col-3 col entry post-1973 type-post no-media cat-23\"><div class=\"vcex-blog-entry-inner entry-inner wpex-first-mt-0 wpex-last-mb-0 wpex-clr\"><div class=\"vcex-blog-entry-details entry-details wpex-bordered wpex-first-mt-0 wpex-last-mb-0 wpex-clr vc_custom_1573938714492\"><div class=\"match-height-content\"><h2 class=\"vcex-blog-entry-title entry-title wpex-mb-5\"><a href=\"https:\/\/www.izn-frankfurt.de\/en\/public-lectures\/myths-about-brain-tumors-homing-in-on-a-fateful-disease\/\">Myths about brain tumors &#8211; homing in on a fateful disease<\/a><\/h2><div class=\"vcex-blog-entry-excerpt entry-excerpt wpex-my-15 wpex-text-pretty wpex-last-mb-0 wpex-clr\"><p><strong>July 9, 2012<\/strong><\/p>\r\n<p>Prof. Dr. Joachim Steinbach, Dr. Senckenbergisches Institut f\u00fcr Neuroonkologie<\/p><\/div><\/div><\/div><\/div><\/div><div class=\"vcex-blog-entry vcex-grid-item entry-has-details span_1_of_3 col-1 col entry post-1971 type-post no-media cat-23\"><div class=\"vcex-blog-entry-inner entry-inner wpex-first-mt-0 wpex-last-mb-0 wpex-clr\"><div class=\"vcex-blog-entry-details entry-details wpex-bordered wpex-first-mt-0 wpex-last-mb-0 wpex-clr vc_custom_1573938714492\"><div class=\"match-height-content\"><h2 class=\"vcex-blog-entry-title entry-title wpex-mb-5\"><a href=\"https:\/\/www.izn-frankfurt.de\/en\/public-lectures\/autistic-disorders-myths-and-facts\/\">Autistic disorders &#8211; myths and facts<\/a><\/h2><div class=\"vcex-blog-entry-excerpt entry-excerpt wpex-my-15 wpex-text-pretty wpex-last-mb-0 wpex-clr\"><p><strong>March 12, 2012<\/strong><\/p>\r\n<p>Prof. Dr. Christine Freitag, Klinik f\u00fcr Psychiatrie, Psychososmatik und Psychotherapie des Kindes- und Jugendalters<\/p><\/div><\/div><\/div><\/div><\/div><div class=\"vcex-blog-entry vcex-grid-item entry-has-details span_1_of_3 col-2 col entry post-1969 type-post no-media cat-23\"><div class=\"vcex-blog-entry-inner entry-inner wpex-first-mt-0 wpex-last-mb-0 wpex-clr\"><div class=\"vcex-blog-entry-details entry-details wpex-bordered wpex-first-mt-0 wpex-last-mb-0 wpex-clr vc_custom_1573938714492\"><div class=\"match-height-content\"><h2 class=\"vcex-blog-entry-title entry-title wpex-mb-5\"><a href=\"https:\/\/www.izn-frankfurt.de\/en\/public-lectures\/multisensory-perception-how-the-brain-integrates-sensory-impressions\/\">Multisensory perception &#8211; how the brain integrates sensory impressions<\/a><\/h2><div class=\"vcex-blog-entry-excerpt entry-excerpt wpex-my-15 wpex-text-pretty wpex-last-mb-0 wpex-clr\"><p><strong>January 23, 2012<\/strong><\/p>\r\n<p>Prof. Dr. Jochen Kaiser, Institute for Medical Psychology<\/p><\/div><\/div><\/div><\/div><\/div><div class=\"vcex-blog-entry vcex-grid-item entry-has-details span_1_of_3 col-3 col entry post-1967 type-post no-media cat-23\"><div class=\"vcex-blog-entry-inner entry-inner wpex-first-mt-0 wpex-last-mb-0 wpex-clr\"><div class=\"vcex-blog-entry-details entry-details wpex-bordered wpex-first-mt-0 wpex-last-mb-0 wpex-clr vc_custom_1573938714492\"><div class=\"match-height-content\"><h2 class=\"vcex-blog-entry-title entry-title wpex-mb-5\"><a href=\"https:\/\/www.izn-frankfurt.de\/en\/public-lectures\/different-views-of-the-world-how-mammals-see-colours\/\">Different views of the world: How mammals see colours<\/a><\/h2><div class=\"vcex-blog-entry-excerpt entry-excerpt wpex-my-15 wpex-text-pretty wpex-last-mb-0 wpex-clr\"><p><strong>October 31, 2011<\/strong><\/p>\r\n<p>Prof. Dr. Leo Peichl, Max-Planck-Institut f\u00fcr Hirnforschung<\/p><\/div><\/div><\/div><\/div><\/div><div class=\"vcex-blog-entry vcex-grid-item entry-has-details span_1_of_3 col-1 col entry post-1965 type-post no-media cat-23\"><div class=\"vcex-blog-entry-inner entry-inner wpex-first-mt-0 wpex-last-mb-0 wpex-clr\"><div class=\"vcex-blog-entry-details entry-details wpex-bordered wpex-first-mt-0 wpex-last-mb-0 wpex-clr vc_custom_1573938714492\"><div class=\"match-height-content\"><h2 class=\"vcex-blog-entry-title entry-title wpex-mb-5\"><a href=\"https:\/\/www.izn-frankfurt.de\/en\/public-lectures\/how-brains-form-memories\/\">How brains form memories<\/a><\/h2><div class=\"vcex-blog-entry-excerpt entry-excerpt wpex-my-15 wpex-text-pretty wpex-last-mb-0 wpex-clr\"><p><strong>July 4, 2011<\/strong><\/p>\r\n<p>Prof. Dr. Bernd Gr\u00fcnewald, Institut f\u00fcr Bienenkunde<\/p><\/div><\/div><\/div><\/div><\/div><div class=\"vcex-blog-entry vcex-grid-item entry-has-details span_1_of_3 col-2 col entry post-1963 type-post no-media cat-23\"><div class=\"vcex-blog-entry-inner entry-inner wpex-first-mt-0 wpex-last-mb-0 wpex-clr\"><div class=\"vcex-blog-entry-details entry-details wpex-bordered wpex-first-mt-0 wpex-last-mb-0 wpex-clr vc_custom_1573938714492\"><div class=\"match-height-content\"><h2 class=\"vcex-blog-entry-title entry-title wpex-mb-5\"><a href=\"https:\/\/www.izn-frankfurt.de\/en\/public-lectures\/aspects-of-modern-pain-therapy\/\">Aspects of modern pain therapy<\/a><\/h2><div class=\"vcex-blog-entry-excerpt entry-excerpt wpex-my-15 wpex-text-pretty wpex-last-mb-0 wpex-clr\"><p><strong>March 14, 2011<\/strong><\/p>\r\n<p>Prof. Dr. Dr. Gerd Geisslinger, Direktor des Instituts f\u00fcr Klinische Pharmakologie<\/p><\/div><\/div><\/div><\/div><\/div><div class=\"vcex-blog-entry vcex-grid-item entry-has-details span_1_of_3 col-3 col entry post-1961 type-post no-media cat-23\"><div class=\"vcex-blog-entry-inner entry-inner wpex-first-mt-0 wpex-last-mb-0 wpex-clr\"><div class=\"vcex-blog-entry-details entry-details wpex-bordered wpex-first-mt-0 wpex-last-mb-0 wpex-clr vc_custom_1573938714492\"><div class=\"match-height-content\"><h2 class=\"vcex-blog-entry-title entry-title wpex-mb-5\"><a href=\"https:\/\/www.izn-frankfurt.de\/en\/public-lectures\/alzheimers-disease-new-ways-to-early-diagnosis-and-therapie\/\">Alzheimer&#8217;s disease &#8211; new ways to early diagnosis and therapie?<\/a><\/h2><div class=\"vcex-blog-entry-excerpt entry-excerpt wpex-my-15 wpex-text-pretty wpex-last-mb-0 wpex-clr\"><p><strong>November 15, 2010<\/strong><\/p>\r\n<p>Prof. Dr. Harald Hampel, Director of the Clinic for psychyiatry, psychosomatics and psychotherapy<\/p><\/div><\/div><\/div><\/div><\/div><div class=\"vcex-blog-entry vcex-grid-item entry-has-details span_1_of_3 col-1 col entry post-1959 type-post no-media cat-23\"><div class=\"vcex-blog-entry-inner entry-inner wpex-first-mt-0 wpex-last-mb-0 wpex-clr\"><div class=\"vcex-blog-entry-details entry-details wpex-bordered wpex-first-mt-0 wpex-last-mb-0 wpex-clr vc_custom_1573938714492\"><div class=\"match-height-content\"><h2 class=\"vcex-blog-entry-title entry-title wpex-mb-5\"><a href=\"https:\/\/www.izn-frankfurt.de\/en\/public-lectures\/seeing-with-the-ears-neurobiology-of-echolocation-in-bats\/\">Seeing with the ears &#8211; neurobiology of echolocation in bats<\/a><\/h2><div class=\"vcex-blog-entry-excerpt entry-excerpt wpex-my-15 wpex-text-pretty wpex-last-mb-0 wpex-clr\"><p><strong>March 15, 2010<\/strong><\/p>\r\n<p>Prof. Dr. Manfred K\u00f6ssl, Institute for Cell Biology and Neuroscience<\/p><\/div><\/div><\/div><\/div><\/div><div class=\"vcex-blog-entry vcex-grid-item entry-has-details span_1_of_3 col-2 col entry post-1957 type-post no-media cat-23\"><div class=\"vcex-blog-entry-inner entry-inner wpex-first-mt-0 wpex-last-mb-0 wpex-clr\"><div class=\"vcex-blog-entry-details entry-details wpex-bordered wpex-first-mt-0 wpex-last-mb-0 wpex-clr vc_custom_1573938714492\"><div class=\"match-height-content\"><h2 class=\"vcex-blog-entry-title entry-title wpex-mb-5\"><a href=\"https:\/\/www.izn-frankfurt.de\/en\/public-lectures\/palaeoneurology-brain-growth-speech-and-human-evolution\/\">Palaeoneurology: Brain growth, speech and human evolution<\/a><\/h2><div class=\"vcex-blog-entry-excerpt entry-excerpt wpex-my-15 wpex-text-pretty wpex-last-mb-0 wpex-clr\"><p><strong>March 15, 2010<\/strong><\/p>\r\n<p>Prof. Dr. Helmuth Steinmetz, Clinic for Neurology<\/p><\/div><\/div><\/div><\/div><\/div><div class=\"vcex-blog-entry vcex-grid-item entry-has-details span_1_of_3 col-3 col entry post-1955 type-post no-media cat-23\"><div class=\"vcex-blog-entry-inner entry-inner wpex-first-mt-0 wpex-last-mb-0 wpex-clr\"><div class=\"vcex-blog-entry-details entry-details wpex-bordered wpex-first-mt-0 wpex-last-mb-0 wpex-clr vc_custom_1573938714492\"><div class=\"match-height-content\"><h2 class=\"vcex-blog-entry-title entry-title wpex-mb-5\"><a href=\"https:\/\/www.izn-frankfurt.de\/en\/public-lectures\/in-the-fragile-home-of-the-soul-how-modern-neurosurgery-works\/\">In the fragile home of the soul &#8211; how modern neurosurgery works<\/a><\/h2><div class=\"vcex-blog-entry-excerpt entry-excerpt wpex-my-15 wpex-text-pretty wpex-last-mb-0 wpex-clr\"><p><strong>November 16, 2009<\/strong><\/p>\r\n<p>Prof. Dr. Volker Seifert, Clinic for Neurosurgery<\/p><\/div><\/div><\/div><\/div><\/div><div class=\"vcex-blog-entry vcex-grid-item entry-has-details span_1_of_3 col-1 col entry post-1953 type-post no-media cat-23\"><div class=\"vcex-blog-entry-inner entry-inner wpex-first-mt-0 wpex-last-mb-0 wpex-clr\"><div class=\"vcex-blog-entry-details entry-details wpex-bordered wpex-first-mt-0 wpex-last-mb-0 wpex-clr vc_custom_1573938714492\"><div class=\"match-height-content\"><h2 class=\"vcex-blog-entry-title entry-title wpex-mb-5\"><a href=\"https:\/\/www.izn-frankfurt.de\/en\/public-lectures\/transkranielle-magnetstimulation-hirnfuntion-aktivieren-modulieren-therapieren\/\">Transcranial Magnetic Stimulation: Brain function activation \u2013 modulation \u2013 therapy<\/a><\/h2><div class=\"vcex-blog-entry-excerpt entry-excerpt wpex-my-15 wpex-text-pretty wpex-last-mb-0 wpex-clr\"><p><strong>July 6, 2009<\/strong><\/p>\r\n<p>Prof. Dr. Ulf Ziemann, Clinic for Neurology<\/p>\r\n<p>&nbsp;<\/p><\/div><\/div><\/div><\/div><\/div><div class=\"vcex-blog-entry vcex-grid-item entry-has-details span_1_of_3 col-2 col entry post-1951 type-post no-media cat-23\"><div class=\"vcex-blog-entry-inner entry-inner wpex-first-mt-0 wpex-last-mb-0 wpex-clr\"><div class=\"vcex-blog-entry-details entry-details wpex-bordered wpex-first-mt-0 wpex-last-mb-0 wpex-clr vc_custom_1573938714492\"><div class=\"match-height-content\"><h2 class=\"vcex-blog-entry-title entry-title wpex-mb-5\"><a href=\"https:\/\/www.izn-frankfurt.de\/en\/public-lectures\/computers-more-intelligent-than-humans\/\">Computers more intelligent than humans?<\/a><\/h2><div class=\"vcex-blog-entry-excerpt entry-excerpt wpex-my-15 wpex-text-pretty wpex-last-mb-0 wpex-clr\"><p><strong>March 16, 2009<\/strong><\/p>\r\n<p>Prof. Dr. Christoph von der Malsburg, Frankfurt Institute for Advanced Studies (FIAS)<\/p><\/div><\/div><\/div><\/div><\/div><div class=\"vcex-blog-entry vcex-grid-item entry-has-details span_1_of_3 col-3 col entry post-1949 type-post no-media cat-23 translation_priority-36\"><div class=\"vcex-blog-entry-inner entry-inner wpex-first-mt-0 wpex-last-mb-0 wpex-clr\"><div class=\"vcex-blog-entry-details entry-details wpex-bordered wpex-first-mt-0 wpex-last-mb-0 wpex-clr vc_custom_1573938714492\"><div class=\"match-height-content\"><h2 class=\"vcex-blog-entry-title entry-title wpex-mb-5\"><a href=\"https:\/\/www.izn-frankfurt.de\/en\/public-lectures\/the-eye-a-window-to-the-brain\/\">The eye &#8211; a window to the brain<\/a><\/h2><div class=\"vcex-blog-entry-excerpt entry-excerpt wpex-my-15 wpex-text-pretty wpex-last-mb-0 wpex-clr\"><p><strong>January 19, 2009<\/strong><\/p>\r\n<p>Prof. Dr. Heinz W\u00e4ssle, emer. Direktor, Max-Planck-Institue for Brain Research<\/p><\/div><\/div><\/div><\/div><\/div><div class=\"vcex-blog-entry vcex-grid-item entry-has-details span_1_of_3 col-1 col entry post-1947 type-post no-media cat-23\"><div class=\"vcex-blog-entry-inner entry-inner wpex-first-mt-0 wpex-last-mb-0 wpex-clr\"><div class=\"vcex-blog-entry-details entry-details wpex-bordered wpex-first-mt-0 wpex-last-mb-0 wpex-clr vc_custom_1573938714492\"><div class=\"match-height-content\"><h2 class=\"vcex-blog-entry-title entry-title wpex-mb-5\"><a href=\"https:\/\/www.izn-frankfurt.de\/en\/public-lectures\/deep-brain-stimulation-in-parkinsons-disease-from-the-nerve-cells-to-the-patients\/\">Deep brain stimulation in Parkinson\u2019s disease \u2013 from the nerve cells to the patients<\/a><\/h2><div class=\"vcex-blog-entry-excerpt entry-excerpt wpex-my-15 wpex-text-pretty wpex-last-mb-0 wpex-clr\"><p><strong>November 24, 2008<\/strong><\/p>\r\n<p>Prof. Dr. Jochen Roeper, Institute for Neurophysiology <br \/>with Prof. Dr. R\u00fcdiger Hilker and PD Dr. Thomas Gasser<\/p><\/div><\/div><\/div><\/div><\/div><div class=\"vcex-blog-entry vcex-grid-item entry-has-details span_1_of_3 col-2 col entry post-1945 type-post no-media cat-23\"><div class=\"vcex-blog-entry-inner entry-inner wpex-first-mt-0 wpex-last-mb-0 wpex-clr\"><div class=\"vcex-blog-entry-details entry-details wpex-bordered wpex-first-mt-0 wpex-last-mb-0 wpex-clr vc_custom_1573938714492\"><div class=\"match-height-content\"><h2 class=\"vcex-blog-entry-title entry-title wpex-mb-5\"><a href=\"https:\/\/www.izn-frankfurt.de\/en\/public-lectures\/formation-of-new-nerve-cells-in-the-adult-brain-mechanisms-and-possibilities\/\">Formation of new nerve cells in the adult brain: mechanisms and possibilities<\/a><\/h2><div class=\"vcex-blog-entry-excerpt entry-excerpt wpex-my-15 wpex-text-pretty wpex-last-mb-0 wpex-clr\"><p><strong>June 9, 2008<\/strong><\/p>\r\n<p>Prof. Dr. Herbert Zimmermann, Institute for Cell Biology and Neuroscience<\/p><\/div><\/div><\/div><\/div><\/div><div class=\"vcex-blog-entry vcex-grid-item entry-has-details span_1_of_3 col-3 col entry post-1943 type-post no-media cat-23\"><div class=\"vcex-blog-entry-inner entry-inner wpex-first-mt-0 wpex-last-mb-0 wpex-clr\"><div class=\"vcex-blog-entry-details entry-details wpex-bordered wpex-first-mt-0 wpex-last-mb-0 wpex-clr vc_custom_1573938714492\"><div class=\"match-height-content\"><h2 class=\"vcex-blog-entry-title entry-title wpex-mb-5\"><a href=\"https:\/\/www.izn-frankfurt.de\/en\/public-lectures\/who-reigns-in-the-brain\/\">Who reigns in the brain?<\/a><\/h2><div class=\"vcex-blog-entry-excerpt entry-excerpt wpex-my-15 wpex-text-pretty wpex-last-mb-0 wpex-clr\"><p><strong>March 10, 2008<\/strong><\/p>\r\n<p>Prof. Dr. Wolf Singer, MPI for Brain Research<\/p><\/div><\/div><\/div><\/div><\/div><div class=\"vcex-blog-entry vcex-grid-item entry-has-details span_1_of_3 col-1 col entry post-1941 type-post no-media cat-23\"><div class=\"vcex-blog-entry-inner entry-inner wpex-first-mt-0 wpex-last-mb-0 wpex-clr\"><div class=\"vcex-blog-entry-details entry-details wpex-bordered wpex-first-mt-0 wpex-last-mb-0 wpex-clr vc_custom_1573938714492\"><div class=\"match-height-content\"><h2 class=\"vcex-blog-entry-title entry-title wpex-mb-5\"><a href=\"https:\/\/www.izn-frankfurt.de\/en\/public-lectures\/learning-in-early-childhood-how-is-the-inner-world-formed\/\">Learning in early childhood \u2013 how is the inner world formed?<\/a><\/h2><div class=\"vcex-blog-entry-excerpt entry-excerpt wpex-my-15 wpex-text-pretty wpex-last-mb-0 wpex-clr\"><p><strong>January 21, 2008<\/strong><\/p>\r\n<p>Prof. Dr. Ruxandra Sireteanu, MPI for Brain Research<\/p><\/div><\/div><\/div><\/div><\/div><div class=\"vcex-blog-entry vcex-grid-item entry-has-details span_1_of_3 col-2 col entry post-1939 type-post no-media cat-23\"><div class=\"vcex-blog-entry-inner entry-inner wpex-first-mt-0 wpex-last-mb-0 wpex-clr\"><div class=\"vcex-blog-entry-details entry-details wpex-bordered wpex-first-mt-0 wpex-last-mb-0 wpex-clr vc_custom_1573938714492\"><div class=\"match-height-content\"><h2 class=\"vcex-blog-entry-title entry-title wpex-mb-5\"><a href=\"https:\/\/www.izn-frankfurt.de\/en\/public-lectures\/stroke-prevention-and-therapy\/\">Stroke \u2013 prevention and therapy<\/a><\/h2><div class=\"vcex-blog-entry-excerpt entry-excerpt wpex-my-15 wpex-text-pretty wpex-last-mb-0 wpex-clr\"><p><strong>November 19, 2007<\/strong><\/p>\r\n<p>Prof. Dr. Helmuth Steinmetz, Clinic for Neurology<\/p><\/div><\/div><\/div><\/div><\/div><div class=\"vcex-blog-entry vcex-grid-item entry-has-details span_1_of_3 col-3 col entry post-1937 type-post no-media cat-23\"><div class=\"vcex-blog-entry-inner entry-inner wpex-first-mt-0 wpex-last-mb-0 wpex-clr\"><div class=\"vcex-blog-entry-details entry-details wpex-bordered wpex-first-mt-0 wpex-last-mb-0 wpex-clr vc_custom_1573938714492\"><div class=\"match-height-content\"><h2 class=\"vcex-blog-entry-title entry-title wpex-mb-5\"><a href=\"https:\/\/www.izn-frankfurt.de\/en\/public-lectures\/alzheimers-disease-hope-for-a-cure\/\">Alzheimer&#8217;s disease \u2013 hope for a cure?<\/a><\/h2><div class=\"vcex-blog-entry-excerpt entry-excerpt wpex-my-15 wpex-text-pretty wpex-last-mb-0 wpex-clr\"><p><strong>July 02, 2007<\/strong><\/p>\r\n<p>Prof. Dr. Johannes Pantel, Clinic for Psychiatry and Psychotherapy<\/p><\/div><\/div><\/div><\/div><\/div><div class=\"vcex-blog-entry vcex-grid-item entry-has-details span_1_of_3 col-1 col entry post-1935 type-post no-media cat-23\"><div class=\"vcex-blog-entry-inner entry-inner wpex-first-mt-0 wpex-last-mb-0 wpex-clr\"><div class=\"vcex-blog-entry-details entry-details wpex-bordered wpex-first-mt-0 wpex-last-mb-0 wpex-clr vc_custom_1573938714492\"><div class=\"match-height-content\"><h2 class=\"vcex-blog-entry-title entry-title wpex-mb-5\"><a href=\"https:\/\/www.izn-frankfurt.de\/en\/public-lectures\/infection-and-multiple-sclerosis-inflammation-in-the-brain-as-a-balancing-act\/\">Infection and Multiple Sclerosis: Inflammation in the brain as a balancing act<\/a><\/h2><div class=\"vcex-blog-entry-excerpt entry-excerpt wpex-my-15 wpex-text-pretty wpex-last-mb-0 wpex-clr\"><p><strong>May 7, 2007<\/strong><\/p>\r\n<p>Prof. Dr. Ingo Bechmann, Institute for Neuroanatomy<\/p><\/div><\/div><\/div><\/div><\/div><div class=\"vcex-blog-entry vcex-grid-item entry-has-details span_1_of_3 col-2 col entry post-1933 type-post no-media cat-23\"><div class=\"vcex-blog-entry-inner entry-inner wpex-first-mt-0 wpex-last-mb-0 wpex-clr\"><div class=\"vcex-blog-entry-details entry-details wpex-bordered wpex-first-mt-0 wpex-last-mb-0 wpex-clr vc_custom_1573938714492\"><div class=\"match-height-content\"><h2 class=\"vcex-blog-entry-title entry-title wpex-mb-5\"><a href=\"https:\/\/www.izn-frankfurt.de\/en\/public-lectures\/neuro-anatomical-basis-for-learning-and-memory\/\">Neuro-anatomical basis for learning and memory<\/a><\/h2><div class=\"vcex-blog-entry-excerpt entry-excerpt wpex-my-15 wpex-text-pretty wpex-last-mb-0 wpex-clr\"><p><strong>January 22, 2007<\/strong><\/p>\r\n<p>Prof. Dr. Thomas Deller, Institute for Neuroanatomy<\/p><\/div><\/div><\/div><\/div><\/div><div class=\"vcex-blog-entry vcex-grid-item entry-has-details span_1_of_3 col-3 col entry post-1846 type-post no-media cat-23\"><div class=\"vcex-blog-entry-inner entry-inner wpex-first-mt-0 wpex-last-mb-0 wpex-clr\"><div class=\"vcex-blog-entry-details entry-details wpex-bordered wpex-first-mt-0 wpex-last-mb-0 wpex-clr vc_custom_1573938714492\"><div class=\"match-height-content\"><h2 class=\"vcex-blog-entry-title entry-title wpex-mb-5\"><a href=\"https:\/\/www.izn-frankfurt.de\/en\/public-lectures\/how-does-our-biological-clock-tick\/\">How does our biological clock tick?<\/a><\/h2><div class=\"vcex-blog-entry-excerpt entry-excerpt wpex-my-15 wpex-text-pretty wpex-last-mb-0 wpex-clr\"><p><strong>November 27, 2006<\/strong><\/p>\r\n<p>Prof. Dr. Horst-Werner Korf, Institute for Experimental Neurobiology<\/p><\/div><\/div><\/div><\/div><\/div><\/div><\/div>[\/vc_column][\/vc_row]\n<\/div>","protected":false},"excerpt":{"rendered":"<p>[vc_row css_animation=&#8221;none&#8221;][vc_column][\/vc_column][\/vc_row]<\/p>\n","protected":false},"author":2,"featured_media":1770,"parent":1852,"menu_order":26,"comment_status":"closed","ping_status":"closed","template":"","meta":{"footnotes":""},"class_list":["post-1921","page","type-page","status-publish","has-post-thumbnail","hentry","entry","no-media"],"_links":{"self":[{"href":"https:\/\/www.izn-frankfurt.de\/en\/wp-json\/wp\/v2\/pages\/1921","targetHints":{"allow":["GET"]}}],"collection":[{"href":"https:\/\/www.izn-frankfurt.de\/en\/wp-json\/wp\/v2\/pages"}],"about":[{"href":"https:\/\/www.izn-frankfurt.de\/en\/wp-json\/wp\/v2\/types\/page"}],"author":[{"embeddable":true,"href":"https:\/\/www.izn-frankfurt.de\/en\/wp-json\/wp\/v2\/users\/2"}],"replies":[{"embeddable":true,"href":"https:\/\/www.izn-frankfurt.de\/en\/wp-json\/wp\/v2\/comments?post=1921"}],"version-history":[{"count":2,"href":"https:\/\/www.izn-frankfurt.de\/en\/wp-json\/wp\/v2\/pages\/1921\/revisions"}],"predecessor-version":[{"id":4307,"href":"https:\/\/www.izn-frankfurt.de\/en\/wp-json\/wp\/v2\/pages\/1921\/revisions\/4307"}],"up":[{"embeddable":true,"href":"https:\/\/www.izn-frankfurt.de\/en\/wp-json\/wp\/v2\/pages\/1852"}],"wp:featuredmedia":[{"embeddable":true,"href":"https:\/\/www.izn-frankfurt.de\/en\/wp-json\/wp\/v2\/media\/1770"}],"wp:attachment":[{"href":"https:\/\/www.izn-frankfurt.de\/en\/wp-json\/wp\/v2\/media?parent=1921"}],"curies":[{"name":"wp","href":"https:\/\/api.w.org\/{rel}","templated":true}]}}